{"id":2795,"date":"2021-09-13T12:12:52","date_gmt":"2021-09-13T12:12:52","guid":{"rendered":"https:\/\/www.promfest.ee\/?page_id=2795"},"modified":"2025-09-20T18:39:55","modified_gmt":"2025-09-20T15:39:55","slug":"emma-kajander","status":"publish","type":"page","link":"https:\/\/www.promfest.ee\/et\/competition\/results\/emma-kajander\/","title":{"rendered":"Emma Kajander"},"content":{"rendered":"<h3 class=\"wp-block-heading has-text-align-left\">Emma Kajander<\/h3>\n\n\n\n<h4 class=\"wp-block-heading\">Soprano \/ 9.09.1997<\/h4>\n\n\n\n<h4 class=\"wp-block-heading\">Soome \/ Finland<br><br><\/h4>\n\n\n\n<div class=\"wp-block-media-text is-stacked-on-mobile is-vertically-aligned-top\" style=\"grid-template-columns:35% auto\"><figure class=\"wp-block-media-text__media\"><img loading=\"lazy\" decoding=\"async\" width=\"985\" height=\"985\" src=\"https:\/\/www.promfest.ee\/wp-content\/uploads\/2025\/08\/Emma-Kajander.jpeg\" alt=\"\" class=\"wp-image-6665 size-full\" srcset=\"https:\/\/www.promfest.ee\/wp-content\/uploads\/2025\/08\/Emma-Kajander.jpeg 985w, https:\/\/www.promfest.ee\/wp-content\/uploads\/2025\/08\/Emma-Kajander-300x300.jpeg 300w, https:\/\/www.promfest.ee\/wp-content\/uploads\/2025\/08\/Emma-Kajander-150x150.jpeg 150w, https:\/\/www.promfest.ee\/wp-content\/uploads\/2025\/08\/Emma-Kajander-768x768.jpeg 768w, https:\/\/www.promfest.ee\/wp-content\/uploads\/2025\/08\/Emma-Kajander-12x12.jpeg 12w\" sizes=\"auto, (max-width: 985px) 100vw, 985px\" \/><\/figure><div class=\"wp-block-media-text__content\">\n<h3 class=\"wp-block-heading\"><strong>KAVA \/ PROGRAM<\/strong><br><br><\/h3>\n\n\n\n<p>II VOOR \/ 2ND ROUND<\/p>\n\n\n\n<p>1. Mozart &#8211; Die Zauberfl\u00f6te &#8211; Pamina &#8211; Ach ich f\u00fchl&#8217;s<br>2. Herbert &#8211; The Enchantress &#8211; Stellina &#8211; Art is Calling for Me&nbsp;<\/p>\n\n\n\n<p><br><\/p>\n\n\n\n<p>III VOOR \/ 3RD ROUND<\/p>\n\n\n\n<p>1. Berg &#8211; Die Nachtigall<br>2. Schubert &#8211; Ave Maria<br>3. Sibelius &#8211; Var det en dr\u00f6m?<br><br><\/p>\n\n\n\n<p>IV VOOR \/ 4TH ROUND<\/p>\n\n\n\n<p>1. Sallinen &#8211; Ratsumies &#8211; Anna &#8211; Anna&#8217;s monologue<br>2. Bizet &#8211; Carmen &#8211; Micha\u00ebla &#8211; C&#8217;est des contrebandiers .. Je dis<\/p>\n\n\n\n<p><br><\/p>\n\n\n\n<p>FINAAL \/ FINAL ROUND<\/p>\n\n\n\n<p>1. Puccini &#8211; La Boh\u00e8me &#8211; Mimi &#8211; Mi chiamano Mim\u00ec<br>\u2014\u2014\u2014\u2014\u2014\u2014\u2014\u2014\u2014\u2014\u2014\u2014<br>2. Puccini &#8211; Turandot &#8211; Liu &#8211; Tu Che di gel sei cinta<br>3. Gounod &#8211; Faust &#8211; Marguerite &#8211; O Dieu que de bijoux .. Ah, je ris<br>4. Massenet &#8211; H\u00e9rodiade &#8211; Salom\u00e9 &#8211; Il est doux, il est bon<\/p>\n<\/div><\/div>\n\n\n\n<section id=\"section-8b841a09-ce5a-4d6d-88e6-3e83c54e85f3\" class=\"wp-block-gutentor-divider section-8b841a09-ce5a-4d6d-88e6-3e83c54e85f3 gutentor-element gutentor-section gutentor-divider text-center\"><div class=\"grid-container\"><div class=\"gutentor-divider-box\"><span><svg xmlns=\"http:\/\/www.w3.org\/2000\/svg\" viewbox=\"0 0 240 40\" preserveaspectratio=\"none\"><path d=\"M56.2 20c5.3-.1 10.6-.2 16-.3l16-.2c10.6-.1 21.3-.1 31.9-.2 10.6.1 21.3 0 31.9.1l16 .2c5.3.1 10.6.2 16 .3-5.3.1-10.6.2-16 .3l-16 .2c-10.6.1-21.3.1-31.9.1-10.6-.1-21.3 0-31.9-.2l-16-.2c-5.4.1-10.7 0-16-.1z\"><\/path><\/svg><\/span><\/div><\/div><\/section>\n\n\n\n<p><strong>Haridus \/ Education<\/strong><\/p>\n\n\n\n<p>* Sibelius Academy with Outi K\u00e4hk\u00f6nen 2021-2025<br>* Helsinki Conservatory with Hanna-Leena Haapam\u00e4ki 2020-2022<\/p>\n\n\n\n<p><strong>T\u00e4iend\u00f5pe, konkursid \/ Further studies, competitions<\/strong><\/p>\n\n\n\n<p>* First Prize &#8211; Lappeenranta singing competition 2025<br>* First Prize &#8211; Havets R\u00f6st singing competition 2023<br>* Georg Solti Accademia 2025<br>* Singing studies with Irina Gavrilovici 2022- present<\/p>\n\n\n\n<p><strong>Erialased kogemused \/ Professional experience<\/strong><\/p>\n\n\n\n<p>* Christine Daa\u00e9 (The Phantom of the Opera) &#8211; Finnish National Opera 2024<br>* Valencienne (Die lustige Witwe) &#8211; Helsinki Conservatory Opera 2022<br>* Sibelius songs &#8211; Vantaa Orchestra (Jorma Panula) 2025<br>* Scenes from La Boh\u00e8me (Mim\u00ec) &#8211; Turku Music Festival 2024<\/p>\n\n\n\n<p><strong>Tulevikuplaanid \/ Future plans<\/strong><\/p>\n\n\n\n<p>* Pamina (Die Zauberfl\u00f6te) &#8211; Royal Swedish Opera 2025<br>* Les Illuminations by Britten &#8211; Bregenzer Festspiele 2026<br>* Sh\u00e9h\u00e9razade by Ravel &#8211; Helsinki Philharmonic Orchestra 2026<br><strong>Dream Role: <\/strong>Mim\u00ec (La Boh\u00e8me)<\/p>","protected":false},"excerpt":{"rendered":"<p>sopran \/ Soome<br \/>\nIII preemia<\/p>","protected":false},"author":1,"featured_media":6665,"parent":5257,"menu_order":39,"comment_status":"closed","ping_status":"closed","template":"","meta":{"footnotes":""},"class_list":["post-2795","page","type-page","status-publish","has-post-thumbnail","hentry"],"_links":{"self":[{"href":"https:\/\/www.promfest.ee\/et\/wp-json\/wp\/v2\/pages\/2795","targetHints":{"allow":["GET"]}}],"collection":[{"href":"https:\/\/www.promfest.ee\/et\/wp-json\/wp\/v2\/pages"}],"about":[{"href":"https:\/\/www.promfest.ee\/et\/wp-json\/wp\/v2\/types\/page"}],"author":[{"embeddable":true,"href":"https:\/\/www.promfest.ee\/et\/wp-json\/wp\/v2\/users\/1"}],"replies":[{"embeddable":true,"href":"https:\/\/www.promfest.ee\/et\/wp-json\/wp\/v2\/comments?post=2795"}],"version-history":[{"count":20,"href":"https:\/\/www.promfest.ee\/et\/wp-json\/wp\/v2\/pages\/2795\/revisions"}],"predecessor-version":[{"id":7144,"href":"https:\/\/www.promfest.ee\/et\/wp-json\/wp\/v2\/pages\/2795\/revisions\/7144"}],"up":[{"embeddable":true,"href":"https:\/\/www.promfest.ee\/et\/wp-json\/wp\/v2\/pages\/5257"}],"wp:featuredmedia":[{"embeddable":true,"href":"https:\/\/www.promfest.ee\/et\/wp-json\/wp\/v2\/media\/6665"}],"wp:attachment":[{"href":"https:\/\/www.promfest.ee\/et\/wp-json\/wp\/v2\/media?parent=2795"}],"curies":[{"name":"wp","href":"https:\/\/api.w.org\/{rel}","templated":true}]}}