{"id":263,"date":"2020-10-13T18:22:58","date_gmt":"2020-10-13T18:22:58","guid":{"rendered":"https:\/\/uus.promfest.ee\/2007-carmen\/"},"modified":"2025-06-25T02:33:43","modified_gmt":"2025-06-24T23:33:43","slug":"2007-carmen","status":"publish","type":"page","link":"https:\/\/www.promfest.ee\/et\/opera-productions\/2007-carmen\/","title":{"rendered":"2007 - \"Carmen\""},"content":{"rendered":"<div class=\"wp-block-group\"><div class=\"wp-block-group__inner-container is-layout-flow wp-block-group-is-layout-flow\">\n<div class=\"wp-block-group\"><div class=\"wp-block-group__inner-container is-layout-flow wp-block-group-is-layout-flow\">\n<div class=\"wp-block-group\"><div class=\"wp-block-group__inner-container is-layout-flow wp-block-group-is-layout-flow\">\n<div class=\"wp-block-group\"><div class=\"wp-block-group__inner-container is-layout-flow wp-block-group-is-layout-flow\"><div id=\"pl-gb263-69f532792018e\"  class=\"panel-layout\" ><div id=\"pg-gb263-69f532792018e-0\"  class=\"panel-grid panel-no-style\" ><div id=\"pgc-gb263-69f532792018e-0-0\"  class=\"panel-grid-cell\" ><div id=\"panel-gb263-69f532792018e-0-0-0\" class=\"so-panel widget widget_text panel-first-child\" data-index=\"0\" >\t\t\t<div class=\"textwidget\"><h1>Carmen<\/h1>\n<p><em>Georges Bizet<\/em><br \/>\nPromFesti kolmas ooperilavastus 2007. aastal kahe Klaudia Taevi nimelise noorte ooperilauljate konkursi v\u00f5itjaga (2005) nimiosas.<\/p>\n<p><img loading=\"lazy\" decoding=\"async\" class=\"wp-image-1751 size-full\" src=\"https:\/\/promfest.ee\/wp-content\/uploads\/2021\/03\/Carmen-piklik.jpg\" alt=\"\" width=\"2336\" height=\"913\" srcset=\"https:\/\/www.promfest.ee\/wp-content\/uploads\/2021\/03\/Carmen-piklik.jpg 2336w, https:\/\/www.promfest.ee\/wp-content\/uploads\/2021\/03\/Carmen-piklik-300x117.jpg 300w, https:\/\/www.promfest.ee\/wp-content\/uploads\/2021\/03\/Carmen-piklik-1024x400.jpg 1024w, https:\/\/www.promfest.ee\/wp-content\/uploads\/2021\/03\/Carmen-piklik-768x300.jpg 768w, https:\/\/www.promfest.ee\/wp-content\/uploads\/2021\/03\/Carmen-piklik-1536x600.jpg 1536w, https:\/\/www.promfest.ee\/wp-content\/uploads\/2021\/03\/Carmen-piklik-2048x800.jpg 2048w\" sizes=\"auto, (max-width: 2336px) 100vw, 2336px\" \/><\/p>\n<p>PromFesti kolmas ooperiproduktsioon oli Bizet\u2019 surematu meistriteos \u201cCarmen\u201d. Nimiosa laulsid eelmise konkursi v\u00f5itjad Anzhelina Shvachka ja Huiling Zhu. Ooperit m\u00e4ngiti Endla teatris viiel korral \u2013 25., 26. mail ja 1., 2., 4. juunil. T\u00e4iendav k\u00fclalisetendus toimus J\u00f5hvi Kontserdimajas 30. mail. \u201cCarmeni\u201d lavastas <strong>Marko Matvere<\/strong>, kunstnikuks ja kost\u00fc\u00fcmide autoriks oli <strong>Madis Nurms<\/strong>, ja koreograafia l\u00f5i <strong>Marina Kesler<\/strong>. Lavastuse muusikaline juht ja dirigent oli <strong>Erki Pehk<\/strong>.<\/p>\n<p>25. ja 26. mail ning 1., 2. ja 4. juunil Endla teatris, 30. mail antakse \u00fcks etendus J\u00f5hvi kontserdimajas.<\/p>\n<p><i>Pole kahtlust, et P\u00e4rnu ooperimuusika festivali ajal lavastatud Bizet\u2019 \u201cCarmen\u201d on meie v\u00e4ikeses kultuurikeskkonnas suurs\u00fcndmus. Pehki, Matvere ja Nurmsi \u201cCarmen\u201d ei ole iganenud ega etnograafiline vaatem\u00e4ng. See on kaasaegne, stiliseeritud teater, mis ei karda pahandust.<br \/>\n<\/i><i>Andres Laasik, Ruth Alak\u00fcla \u2013 Eesti P\u00e4evaleht, 30. mai 2007<\/i><i><\/i><\/p>\n<p><em>Etenduse tugevaimad stseenid olid kahe tegelaskujuga suurep\u00e4raselt kokku pandud ja l\u00e4bi t\u00f6\u00f6tatud stseenid \u2013 justkui kaamera oleks tegelastele sisse suuminud ja iga m\u00f5tte- ja tundemuutust v\u00f5imendanud. Matvere saavutas laval elava suhtluse inimeste vahel ja \u00fche reaktsioon tekitas teise oma, genereerides kogu s\u00fcndmusteahela.<br \/>\n<\/em><i>Kristel Pappel \u2013 Eesti Ekspress, 28. mai 2007<\/i><\/p>\n<p><b>Esietendus 25. mail 2007 P\u00e4rnu Endla teatris<\/b><\/p>\n<\/div>\n\t\t<\/div><div id=\"panel-gb263-69f532792018e-0-0-1\" class=\"so-panel widget widget_media_gallery panel-last-child\" data-index=\"1\" ><div id='gallery-1' class='gallery galleryid-263 gallery-columns-4 gallery-size-thumbnail'><figure class='gallery-item'>\n\t\t\t<div class='gallery-icon landscape'>\n\t\t\t\t<a href='https:\/\/www.promfest.ee\/wp-content\/uploads\/2021\/03\/Angelina-Svatska-and-Roland-Liiv-scaled.jpg'><img loading=\"lazy\" decoding=\"async\" width=\"150\" height=\"150\" src=\"https:\/\/www.promfest.ee\/wp-content\/uploads\/2021\/03\/Angelina-Svatska-and-Roland-Liiv-150x150.jpg\" class=\"attachment-thumbnail size-thumbnail\" alt=\"\" \/><\/a>\n\t\t\t<\/div><\/figure><figure class='gallery-item'>\n\t\t\t<div class='gallery-icon landscape'>\n\t\t\t\t<a href='https:\/\/www.promfest.ee\/wp-content\/uploads\/2021\/03\/Habanera-scaled.jpg'><img loading=\"lazy\" decoding=\"async\" width=\"150\" height=\"150\" src=\"https:\/\/www.promfest.ee\/wp-content\/uploads\/2021\/03\/Habanera-150x150.jpg\" class=\"attachment-thumbnail size-thumbnail\" alt=\"\" \/><\/a>\n\t\t\t<\/div><\/figure><figure class='gallery-item'>\n\t\t\t<div class='gallery-icon portrait'>\n\t\t\t\t<a href='https:\/\/www.promfest.ee\/wp-content\/uploads\/2021\/03\/Huiling-Zhu-and-Ulric-Bjorklund.jpg'><img loading=\"lazy\" decoding=\"async\" width=\"150\" height=\"150\" src=\"https:\/\/www.promfest.ee\/wp-content\/uploads\/2021\/03\/Huiling-Zhu-and-Ulric-Bjorklund-150x150.jpg\" class=\"attachment-thumbnail size-thumbnail\" alt=\"\" \/><\/a>\n\t\t\t<\/div><\/figure><figure class='gallery-item'>\n\t\t\t<div class='gallery-icon portrait'>\n\t\t\t\t<a href='https:\/\/www.promfest.ee\/wp-content\/uploads\/2021\/03\/Frasquita-and-Mercedes.jpg'><img loading=\"lazy\" decoding=\"async\" width=\"150\" height=\"150\" src=\"https:\/\/www.promfest.ee\/wp-content\/uploads\/2021\/03\/Frasquita-and-Mercedes-150x150.jpg\" class=\"attachment-thumbnail size-thumbnail\" alt=\"\" \/><\/a>\n\t\t\t<\/div><\/figure><figure class='gallery-item'>\n\t\t\t<div class='gallery-icon landscape'>\n\t\t\t\t<a href='https:\/\/www.promfest.ee\/wp-content\/uploads\/2021\/03\/Tatjana-Romanova-and-Ulric-Bjorklund.jpg'><img loading=\"lazy\" decoding=\"async\" width=\"150\" height=\"150\" src=\"https:\/\/www.promfest.ee\/wp-content\/uploads\/2021\/03\/Tatjana-Romanova-and-Ulric-Bjorklund-150x150.jpg\" class=\"attachment-thumbnail size-thumbnail\" alt=\"\" \/><\/a>\n\t\t\t<\/div><\/figure><figure class='gallery-item'>\n\t\t\t<div class='gallery-icon landscape'>\n\t\t\t\t<a href='https:\/\/www.promfest.ee\/wp-content\/uploads\/2021\/03\/Tatiana-Romanova-and-Roland-Liiv.jpg'><img loading=\"lazy\" decoding=\"async\" width=\"150\" height=\"150\" src=\"https:\/\/www.promfest.ee\/wp-content\/uploads\/2021\/03\/Tatiana-Romanova-and-Roland-Liiv-150x150.jpg\" class=\"attachment-thumbnail size-thumbnail\" alt=\"\" \/><\/a>\n\t\t\t<\/div><\/figure><figure class='gallery-item'>\n\t\t\t<div class='gallery-icon landscape'>\n\t\t\t\t<a href='https:\/\/www.promfest.ee\/wp-content\/uploads\/2021\/03\/Tatiana-Romanova-and-Ulric-Bjorklund.jpg'><img loading=\"lazy\" decoding=\"async\" width=\"150\" height=\"150\" src=\"https:\/\/www.promfest.ee\/wp-content\/uploads\/2021\/03\/Tatiana-Romanova-and-Ulric-Bjorklund-150x150.jpg\" class=\"attachment-thumbnail size-thumbnail\" alt=\"\" \/><\/a>\n\t\t\t<\/div><\/figure><figure class='gallery-item'>\n\t\t\t<div class='gallery-icon landscape'>\n\t\t\t\t<a href='https:\/\/www.promfest.ee\/wp-content\/uploads\/2021\/03\/Smoke-chorus.jpg'><img loading=\"lazy\" decoding=\"async\" width=\"150\" height=\"150\" src=\"https:\/\/www.promfest.ee\/wp-content\/uploads\/2021\/03\/Smoke-chorus-150x150.jpg\" class=\"attachment-thumbnail size-thumbnail\" alt=\"\" \/><\/a>\n\t\t\t<\/div><\/figure><figure class='gallery-item'>\n\t\t\t<div class='gallery-icon landscape'>\n\t\t\t\t<a href='https:\/\/www.promfest.ee\/wp-content\/uploads\/2021\/03\/Women-and-Zuniga-Igor-Tsenkman.jpg'><img loading=\"lazy\" decoding=\"async\" width=\"150\" height=\"150\" src=\"https:\/\/www.promfest.ee\/wp-content\/uploads\/2021\/03\/Women-and-Zuniga-Igor-Tsenkman-150x150.jpg\" class=\"attachment-thumbnail size-thumbnail\" alt=\"\" \/><\/a>\n\t\t\t<\/div><\/figure><figure class='gallery-item'>\n\t\t\t<div class='gallery-icon landscape'>\n\t\t\t\t<a href='https:\/\/www.promfest.ee\/wp-content\/uploads\/2021\/03\/Huiling-Zhu-and-Laimonas-Pautienius-scaled.jpg'><img loading=\"lazy\" decoding=\"async\" width=\"150\" height=\"150\" src=\"https:\/\/www.promfest.ee\/wp-content\/uploads\/2021\/03\/Huiling-Zhu-and-Laimonas-Pautienius-150x150.jpg\" class=\"attachment-thumbnail size-thumbnail\" alt=\"\" \/><\/a>\n\t\t\t<\/div><\/figure><figure class='gallery-item'>\n\t\t\t<div class='gallery-icon landscape'>\n\t\t\t\t<a href='https:\/\/www.promfest.ee\/wp-content\/uploads\/2021\/03\/Laimonas-Pautienius-scaled.jpg'><img loading=\"lazy\" decoding=\"async\" width=\"150\" height=\"150\" src=\"https:\/\/www.promfest.ee\/wp-content\/uploads\/2021\/03\/Laimonas-Pautienius-150x150.jpg\" class=\"attachment-thumbnail size-thumbnail\" alt=\"\" \/><\/a>\n\t\t\t<\/div><\/figure><figure class='gallery-item'>\n\t\t\t<div class='gallery-icon portrait'>\n\t\t\t\t<a href='https:\/\/www.promfest.ee\/wp-content\/uploads\/2021\/03\/Escamillo-Laimonas-Pautienius.jpg'><img loading=\"lazy\" decoding=\"async\" width=\"150\" height=\"150\" src=\"https:\/\/www.promfest.ee\/wp-content\/uploads\/2021\/03\/Escamillo-Laimonas-Pautienius-150x150.jpg\" class=\"attachment-thumbnail size-thumbnail\" alt=\"\" \/><\/a>\n\t\t\t<\/div><\/figure><figure class='gallery-item'>\n\t\t\t<div class='gallery-icon landscape'>\n\t\t\t\t<a href='https:\/\/www.promfest.ee\/wp-content\/uploads\/2021\/03\/Male-choir.jpg'><img loading=\"lazy\" decoding=\"async\" width=\"150\" height=\"150\" src=\"https:\/\/www.promfest.ee\/wp-content\/uploads\/2021\/03\/Male-choir-150x150.jpg\" class=\"attachment-thumbnail size-thumbnail\" alt=\"\" \/><\/a>\n\t\t\t<\/div><\/figure><figure class='gallery-item'>\n\t\t\t<div class='gallery-icon portrait'>\n\t\t\t\t<a href='https:\/\/www.promfest.ee\/wp-content\/uploads\/2021\/03\/Manuelita-Kadri-Karula.jpg'><img loading=\"lazy\" decoding=\"async\" width=\"150\" height=\"150\" src=\"https:\/\/www.promfest.ee\/wp-content\/uploads\/2021\/03\/Manuelita-Kadri-Karula-150x150.jpg\" class=\"attachment-thumbnail size-thumbnail\" alt=\"\" \/><\/a>\n\t\t\t<\/div><\/figure><figure class='gallery-item'>\n\t\t\t<div class='gallery-icon portrait'>\n\t\t\t\t<a href='https:\/\/www.promfest.ee\/wp-content\/uploads\/2021\/03\/Roland-Liiv-and-Anzhelina-Shvachka-scaled.jpg'><img loading=\"lazy\" decoding=\"async\" width=\"150\" height=\"150\" src=\"https:\/\/www.promfest.ee\/wp-content\/uploads\/2021\/03\/Roland-Liiv-and-Anzhelina-Shvachka-150x150.jpg\" class=\"attachment-thumbnail size-thumbnail\" alt=\"\" \/><\/a>\n\t\t\t<\/div><\/figure><figure class='gallery-item'>\n\t\t\t<div class='gallery-icon landscape'>\n\t\t\t\t<a href='https:\/\/www.promfest.ee\/wp-content\/uploads\/2021\/03\/Taavi-Tampuu-Angelika-Mikk-Anzhelina-Shvachka-Airike-Kolk-and-Simo-Breede-quintet.jpg'><img loading=\"lazy\" decoding=\"async\" width=\"150\" height=\"150\" src=\"https:\/\/www.promfest.ee\/wp-content\/uploads\/2021\/03\/Taavi-Tampuu-Angelika-Mikk-Anzhelina-Shvachka-Airike-Kolk-and-Simo-Breede-quintet-150x150.jpg\" class=\"attachment-thumbnail size-thumbnail\" alt=\"\" \/><\/a>\n\t\t\t<\/div><\/figure><figure class='gallery-item'>\n\t\t\t<div class='gallery-icon landscape'>\n\t\t\t\t<a href='https:\/\/www.promfest.ee\/wp-content\/uploads\/2021\/03\/Angelika-Mikk-Huiling-Zhu-and-Airike-Kolk-scaled.jpg'><img loading=\"lazy\" decoding=\"async\" width=\"150\" height=\"150\" src=\"https:\/\/www.promfest.ee\/wp-content\/uploads\/2021\/03\/Angelika-Mikk-Huiling-Zhu-and-Airike-Kolk-150x150.jpg\" class=\"attachment-thumbnail size-thumbnail\" alt=\"\" \/><\/a>\n\t\t\t<\/div><\/figure><figure class='gallery-item'>\n\t\t\t<div class='gallery-icon landscape'>\n\t\t\t\t<a href='https:\/\/www.promfest.ee\/wp-content\/uploads\/2021\/03\/Ulric-Bjorklund-and-Laimonas-Pautienius.jpg'><img loading=\"lazy\" decoding=\"async\" width=\"150\" height=\"150\" src=\"https:\/\/www.promfest.ee\/wp-content\/uploads\/2021\/03\/Ulric-Bjorklund-and-Laimonas-Pautienius-150x150.jpg\" class=\"attachment-thumbnail size-thumbnail\" alt=\"\" \/><\/a>\n\t\t\t<\/div><\/figure><figure class='gallery-item'>\n\t\t\t<div class='gallery-icon portrait'>\n\t\t\t\t<a href='https:\/\/www.promfest.ee\/wp-content\/uploads\/2021\/03\/Ulric-Bjorklund-and-Anzhelina-Shvachka.jpg'><img loading=\"lazy\" decoding=\"async\" width=\"150\" height=\"150\" src=\"https:\/\/www.promfest.ee\/wp-content\/uploads\/2021\/03\/Ulric-Bjorklund-and-Anzhelina-Shvachka-150x150.jpg\" class=\"attachment-thumbnail size-thumbnail\" alt=\"\" \/><\/a>\n\t\t\t<\/div><\/figure><figure class='gallery-item'>\n\t\t\t<div class='gallery-icon landscape'>\n\t\t\t\t<a href='https:\/\/www.promfest.ee\/wp-content\/uploads\/2021\/03\/Marko-Matvere-staging-opera-scaled.jpg'><img loading=\"lazy\" decoding=\"async\" width=\"150\" height=\"150\" src=\"https:\/\/www.promfest.ee\/wp-content\/uploads\/2021\/03\/Marko-Matvere-staging-opera-150x150.jpg\" class=\"attachment-thumbnail size-thumbnail\" alt=\"\" \/><\/a>\n\t\t\t<\/div><\/figure>\n\t\t<\/div>\n<\/div><\/div><div id=\"pgc-gb263-69f532792018e-0-1\"  class=\"panel-grid-cell\" ><div id=\"panel-gb263-69f532792018e-0-1-0\" class=\"so-panel widget widget_text panel-first-child\" data-index=\"2\" >\t\t\t<div class=\"textwidget\"><p>PromFesti koost\u00f6\u00f6projekt P\u00e4rnu Endla teatriga<\/p>\n<p>Muusikaline juht ja dirigent - <strong>Erki Pehk<\/strong><br \/>\nLavastaja - <b>Marko Matvere<\/b><br \/>\nKunstnik - <strong>Madis Nurms<\/strong><br \/>\nLiikumisjuht - <b>Marina Kesler<br \/>\n<\/b>Valguskunstnik - <b>Margus Vaigur<br \/>\n<\/b>Koormeister - <b>Heli J\u00fcrgenson<br \/>\n<\/b>Klaverisaatja - <b>Helin Kapten<\/b><\/p>\n<p>Carmen &#8211; <strong>An\u017eelina \u0160vat\u0161ka <\/strong>(Ukraina) v\u00f5i <strong>Huiling Zhu<\/strong> (Hiina)<br \/>\nDon Jos\u00e9 &#8211; <strong>Ulric Bj\u00f6rklund<\/strong> (Rootsi) v\u00f5i <strong>Roland Liiv<\/strong> (Eesti)<br \/>\nEscamillo &#8211; <strong>Laimonas Pautienius <\/strong>(Leedu)<br \/>\nMicaela &#8211; <b>Tatiana Romanova <\/b>(Eesti)<br \/>\nFrasquita &#8211; <b><strong>Angelika Mikk <\/strong><\/b>(Eesti)<br \/>\nMercedes &#8211; <b>Airike Kolk <\/b>(Eesti)<br \/>\nZuniga &#8211; <b>Igor Tsenkman <\/b>(Eesti)<br \/>\nMoral\u00e9s\/Dancairo &#8211; <b>Taavi Tampuu <\/b>(Eesti)<br \/>\nRemendado &#8211; <b>Roland Liiv <\/b>(Eesti) v\u00f5i <strong>Simo Breede<\/strong> (Eesti)<br \/>\nManuelita &#8211; <b>Kadri Karula <\/b>(Eesti)<\/p>\n<p>P\u00e4rnu Linnaorkester<br \/>\nOrkestri kontsertmeister: <b>Mati Uffert<\/b><\/p>\n<p>Koor:<br \/>\n<strong>Kristel J\u00f5esaar, Tui Hirv, Kadri Karula, Evelyn Aru, Katrin Targo, Kersti Nahkur, Piret Tatar, Helen Nairism\u00e4gi, Janne Sirel, Anne Prommik, Evelin Ester, Renate Tivas, Silver Lumi, Rene Keldo, Madis Reinsoo, Andres Alamaa, Geir Luht, Simo Breede, Lennart M\u00e4ngli, Jaanus Kann, Ain Merila<\/strong><\/p>\n<\/div>\n\t\t<\/div><\/div><\/div><\/div><\/div><\/div>\n<\/div><\/div>\n<\/div><\/div>\n\n\n\n<p><\/p>\n<\/div><\/div>\n\n\n\n<p><\/p>","protected":false},"excerpt":{"rendered":"","protected":false},"author":1,"featured_media":1308,"parent":247,"menu_order":9,"comment_status":"closed","ping_status":"closed","template":"","meta":{"footnotes":""},"class_list":["post-263","page","type-page","status-publish","has-post-thumbnail","hentry"],"_links":{"self":[{"href":"https:\/\/www.promfest.ee\/et\/wp-json\/wp\/v2\/pages\/263","targetHints":{"allow":["GET"]}}],"collection":[{"href":"https:\/\/www.promfest.ee\/et\/wp-json\/wp\/v2\/pages"}],"about":[{"href":"https:\/\/www.promfest.ee\/et\/wp-json\/wp\/v2\/types\/page"}],"author":[{"embeddable":true,"href":"https:\/\/www.promfest.ee\/et\/wp-json\/wp\/v2\/users\/1"}],"replies":[{"embeddable":true,"href":"https:\/\/www.promfest.ee\/et\/wp-json\/wp\/v2\/comments?post=263"}],"version-history":[{"count":11,"href":"https:\/\/www.promfest.ee\/et\/wp-json\/wp\/v2\/pages\/263\/revisions"}],"predecessor-version":[{"id":6155,"href":"https:\/\/www.promfest.ee\/et\/wp-json\/wp\/v2\/pages\/263\/revisions\/6155"}],"up":[{"embeddable":true,"href":"https:\/\/www.promfest.ee\/et\/wp-json\/wp\/v2\/pages\/247"}],"wp:featuredmedia":[{"embeddable":true,"href":"https:\/\/www.promfest.ee\/et\/wp-json\/wp\/v2\/media\/1308"}],"wp:attachment":[{"href":"https:\/\/www.promfest.ee\/et\/wp-json\/wp\/v2\/media?parent=263"}],"curies":[{"name":"wp","href":"https:\/\/api.w.org\/{rel}","templated":true}]}}